{"version":"1.0","provider_name":"Ferreter\u00eda Ferrogal","provider_url":"https:\/\/www.ferrogal.com\/blog","title":"Catalogo profesional primavera 2015 de Comafe - Ferreter\u00eda Ferrogal","type":"rich","width":600,"height":338,"html":"<blockquote class=\"wp-embedded-content\" data-secret=\"yVd4eP5XgH\"><a href=\"https:\/\/www.ferrogal.com\/blog\/2015\/04\/28\/catalogo-profesional-primavera-2015-de-comafe\/\">Catalogo profesional primavera 2015 de Comafe<\/a><\/blockquote><iframe sandbox=\"allow-scripts\" security=\"restricted\" src=\"https:\/\/www.ferrogal.com\/blog\/2015\/04\/28\/catalogo-profesional-primavera-2015-de-comafe\/embed\/#?secret=yVd4eP5XgH\" width=\"600\" height=\"338\" title=\"\u00abCatalogo profesional primavera 2015 de Comafe\u00bb \u2014 Ferreter\u00eda Ferrogal\" data-secret=\"yVd4eP5XgH\" frameborder=\"0\" marginwidth=\"0\" marginheight=\"0\" scrolling=\"no\" class=\"wp-embedded-content\"><\/iframe><script>\n\/*! This file is auto-generated *\/\n!function(d,l){\"use strict\";l.querySelector&&d.addEventListener&&\"undefined\"!=typeof URL&&(d.wp=d.wp||{},d.wp.receiveEmbedMessage||(d.wp.receiveEmbedMessage=function(e){var t=e.data;if((t||t.secret||t.message||t.value)&&!\/[^a-zA-Z0-9]\/.test(t.secret)){for(var s,r,n,a=l.querySelectorAll('iframe[data-secret=\"'+t.secret+'\"]'),o=l.querySelectorAll('blockquote[data-secret=\"'+t.secret+'\"]'),c=new RegExp(\"^https?:$\",\"i\"),i=0;i<o.length;i++)o[i].style.display=\"none\";for(i=0;i<a.length;i++)s=a[i],e.source===s.contentWindow&&(s.removeAttribute(\"style\"),\"height\"===t.message?(1e3<(r=parseInt(t.value,10))?r=1e3:~~r<200&&(r=200),s.height=r):\"link\"===t.message&&(r=new URL(s.getAttribute(\"src\")),n=new URL(t.value),c.test(n.protocol))&&n.host===r.host&&l.activeElement===s&&(d.top.location.href=t.value))}},d.addEventListener(\"message\",d.wp.receiveEmbedMessage,!1),l.addEventListener(\"DOMContentLoaded\",function(){for(var e,t,s=l.querySelectorAll(\"iframe.wp-embedded-content\"),r=0;r<s.length;r++)(t=(e=s[r]).getAttribute(\"data-secret\"))||(t=Math.random().toString(36).substring(2,12),e.src+=\"#?secret=\"+t,e.setAttribute(\"data-secret\",t)),e.contentWindow.postMessage({message:\"ready\",secret:t},\"*\")},!1)))}(window,document);\n\/\/# sourceURL=https:\/\/www.ferrogal.com\/blog\/wp-includes\/js\/wp-embed.min.js\n<\/script>\n","thumbnail_url":"https:\/\/www.ferrogal.com\/blog\/wp-content\/uploads\/2015\/04\/00001.jpg","thumbnail_width":"529","thumbnail_height":"750","description":"El nuevo cat\u00e1logo de Comafe destinado al Profesional arranca el d\u00eda 25 de abril y dura hasta el 26 de Junio del 2015. Nos presentan una revista de dise\u00f1o muy atractivo con una portada de coloramarillo que identifica su contenido con herramienta de alta calidad Entre sus 35 p\u00e1ginas a todo color vamos encontrando l\u00edneas [&hellip;]"}